{"id":144,"date":"2019-07-01T23:48:26","date_gmt":"2019-07-01T21:48:26","guid":{"rendered":"http:\/\/www.pousseensemble.org\/?page_id=144"},"modified":"2024-09-05T11:16:02","modified_gmt":"2024-09-05T09:16:02","slug":"reglement-interieur-2","status":"publish","type":"page","link":"https:\/\/www.pousseensemble.org\/?page_id=144","title":{"rendered":"R\u00e8glement int\u00e9rieur"},"content":{"rendered":"\n<p>Vous pouvez t\u00e9l\u00e9charger le r\u00e8glement \u00e0 l&rsquo;adresse suivante :<\/p>\n\n\n\n<p><a href=\"https:\/\/drive.google.com\/file\/d\/1vwrevPnPLfWH8Z7OwS54NLu4H7cUQzm0\/view?usp=drive_link\">https:\/\/drive.google.com\/file\/d\/1vwrevPnPLfWH8Z7OwS54NLu4H7cUQzm0\/view?usp=drive_link<\/a><\/p>\n\n\n\n<p>&#8212;&#8212;&#8212;&#8212;&#8212;&#8212;&#8212;&#8212;&#8212;&#8212;&#8212;&#8212;&#8212;&#8212;&#8212;&#8212;&#8212;&#8212;&#8212;&#8212;&#8212;&#8212;&#8212;&#8212;&#8212;-<\/p>\n\n\n\n<p><strong>R\u00e8glement int\u00e9rieur de l\u2019association Pousse Ensemble ! <\/strong><\/p>\n\n\n\n<p>Jardin\nsitu\u00e9 au croisement de la Voie de la r\u00e9sistance et de l\u2019avenue Anatole France,\nPantin (parcelle cadastrale 55) <\/p>\n\n\n\n<p><strong>1.\nValeurs <\/strong><\/p>\n\n\n\n<p>Les\nadh\u00e9rents de l\u2019association Pousse Ensemble ! et les usagers du jardin partagent\ndes valeurs humaines de tol\u00e9rance, de respect des autres et de la nature, dans\nun esprit convivial. Le jardin a vocation \u00e0 enrichir la vie du quartier en\n\u00e9tant un lieu de rencontres et d&rsquo;\u00e9changes, favorisant le lien entre les\nhabitants du quartier par la mixit\u00e9 sociale, interg\u00e9n\u00e9rationnelle et\ninterculturelle, et en restant ouvert vers l\u2019ext\u00e9rieur. Les jardiniers\nparticipent au maintien de la biodiversit\u00e9 en milieu urbain et \u00e0 la diffusion\nde connaissances sur ce milieu. <\/p>\n\n\n\n<p>Tout\nce qui est plant\u00e9 dans le jardin partag\u00e9 est propri\u00e9t\u00e9 collective. Toutes les\nparcelles sont collectives. <\/p>\n\n\n\n<p>Le\njardin a vocation \u00e0 maintenir et cr\u00e9er de la biodiversit\u00e9 ; la monoculture y\nest donc interdite. <\/p>\n\n\n\n<p><strong>3.\nAdh\u00e9sion <\/strong><\/p>\n\n\n\n<p>Les\nadh\u00e9rents sont toutes celles et tous ceux qui ont pay\u00e9 \u00e0 l&rsquo;association une\ncotisation annuelle. Ils ont un droit de regard et de proposition sur les\nactions et projets de l&rsquo;association. <\/p>\n\n\n\n<p>Seuls\nles adh\u00e9rents ont le droit d\u2019utiliser les outils de jardinage, pour des raisons\nd\u2019assurance. <\/p>\n\n\n\n<p>Il\nest souhaitable que les adh\u00e9rents tiennent une demi-journ\u00e9e (2h) de permanence\npar an sur le jardin lors des ouvertures au public, le dimanche. <\/p>\n\n\n\n<p>Tout\nmembre doit &#8211; dans la mesure de ses possibilit\u00e9s &#8211; apporter son soutien et sa\ncontribution \u00e0 toutes les manifestations susceptibles de g\u00e9n\u00e9rer des \u00e9changes\net de la convivialit\u00e9. <\/p>\n\n\n\n<p>Les\nmembres donateurs\/bienfaiteurs sont les adh\u00e9rents qui ont fait un don sup\u00e9rieur\n\u00e0 la cotisation obligatoire. <\/p>\n\n\n\n<p>Les\nvisiteurs sont les personnes non-adh\u00e9rentes qui viennent visiter le jardin. Ils\nne sont pas autoris\u00e9s \u00e0 utiliser les outils et \u00e0 faire des plantations. <\/p>\n\n\n\n<p><strong>4.\nCotisation <\/strong><\/p>\n\n\n\n<p>L\u2019adh\u00e9sion\n\u00e0 l\u2019association est sujette \u00e0 cotisation. Des personnes physiques ou morales\npeuvent adh\u00e9rer. <\/p>\n\n\n\n<p>L\u2019association\na vocation \u00e0 accueillir des gens de tous \u00e2ges, toutes cat\u00e9gories sociales et\norigines confondues. <\/p>\n\n\n\n<p>Toute personne souhaitant adh\u00e9rer \u00e0 l&rsquo;association peut payer en ligne sur le compte HelloAsso <a href=\"http:\/\/www.pousseensemble.org\/?page_id=37\">http:\/\/www.pousseensemble.org\/?page_id=37<\/a>  ou se rendre au jardin le dimanche apr\u00e8s-midi, le jour d\u2019ouverture. <\/p>\n\n\n\n<p>L\u2019adh\u00e9sion\nsuppose acceptation et signature du r\u00e8glement int\u00e9rieur, ainsi que le paiement\nde la cotisation dont le montant est vot\u00e9 en Assembl\u00e9e G\u00e9n\u00e9rale. <\/p>\n\n\n\n<p><strong>4.\nMode de gouvernance\/prise de d\u00e9cision <\/strong><\/p>\n\n\n\n<p>L\u2019association\nr\u00e9unit une AG une fois par an. Des projets et\/ou id\u00e9es peuvent \u00eatre propos\u00e9s\ntout au long de l\u2019ann\u00e9e par chaque adh\u00e9rent. La vitalit\u00e9 de l\u2019association\nrepose sur les propositions de tous. <\/p>\n\n\n\n<p>L\u2019association\n\u00e9lit \u00e0 chaque AG un bureau qui peut \u00eatre amen\u00e9 \u00e0 prendre des d\u00e9cisions li\u00e9es au\nfonctionnement de l\u2019association pendant l\u2019ann\u00e9e. <\/p>\n\n\n\n<p>L\u2019association\nfonctionne avec des commissions th\u00e9matiques qui \u00e9voluent selon les besoins. <\/p>\n\n\n\n<p>La\ncommission culture d\u00e9termine les projets de culture pour l\u2019ann\u00e9e en cours.\nChaque adh\u00e9rent peut s\u2019adresser \u00e0 un des membres de cette commission pour proposer\ndes id\u00e9es et des plantations. <\/p>\n\n\n\n<p><strong>5.\nJardinage, r\u00e9coltes et r\u00e9partition de l\u00e9gumes <\/strong><\/p>\n\n\n\n<p>Tout\nadh\u00e9rent peut initier des projets de jardinage et doit chercher un maximum \u00e0\nparticiper \u00e0 la vie collective du jardin. <\/p>\n\n\n\n<p>La\nproduction est destin\u00e9e en priorit\u00e9 aux repas collectifs de l\u2019association. <\/p>\n\n\n\n<p>Lorsque\nles l\u00e9gumes sont arriv\u00e9s \u00e0 maturit\u00e9, la production est r\u00e9partie entre les\npersonnes pr\u00e9sentes lors de la cueillette. <\/p>\n\n\n\n<p>Le\njardinage est avant tout un moment de partage, de convivialit\u00e9 et d&rsquo;\u00e9changes de\nsavoir-faire. L&rsquo;objectif n\u2019est pas la r\u00e9colte. <\/p>\n\n\n\n<p><strong>6.\nRespect de l\u2019environnement <\/strong><\/p>\n\n\n\n<p>Le\njardin est un terrain d\u00e9di\u00e9 \u00e0 des pratiques respectueuses de l&rsquo;environnement.\nIl doit participer au maintien de la biodiversit\u00e9. <\/p>\n\n\n\n<p>Toute\npersonne devra privil\u00e9gier une gestion \u00e9cologique et responsable de la parcelle\n: <\/p>\n\n\n\n<p>\u2013\nen r\u00e9cup\u00e9rant et en \u00e9conomisant l&rsquo;eau <\/p>\n\n\n\n<p>\u2013\nen recyclant les \u00e9l\u00e9ments biod\u00e9gradables au compost <\/p>\n\n\n\n<p>\u2013\nen mettant les d\u00e9chets dans la poubelle appropri\u00e9e <\/p>\n\n\n\n<p>\u2013\nen utilisant des produits naturels. <\/p>\n\n\n\n<p><strong>7.\nS\u00e9curit\u00e9 et entretien <\/strong><\/p>\n\n\n\n<p>Les\nenfants doivent \u00eatre accompagn\u00e9s et sous la responsabilit\u00e9 d&rsquo;un adulte. <\/p>\n\n\n\n<p>Chaque\nadh\u00e9rent veille \u00e0 l\u2019entretien g\u00e9n\u00e9ral du jardin. A la fin de chaque journ\u00e9e,\nles outils doivent \u00eatre rang\u00e9s et le jardin nettoy\u00e9. La vaisselle utilis\u00e9e doit\n\u00eatre d\u00e9barrass\u00e9e et restitu\u00e9e propre. <\/p>\n\n\n\n<p>Toute\nd\u00e9gradation est interdite. Toute d\u00e9gradation constat\u00e9e doit \u00eatre signal\u00e9e. <\/p>\n\n\n\n<p>Toute\norganisation d\u2019\u00e9v\u00e8nement festif individuel doit \u00eatre soumise au bureau de\nl\u2019association \u00e0 l\u2019adresse contact@pousseensemble.org. <\/p>\n\n\n\n<p>L\u2019usage\ndu barbecue est autoris\u00e9 mais les adh\u00e9rents doivent faire preuve de la plus\ngrande vigilance lors de son utilisation. <\/p>\n\n\n\n<p>L\u2019usage\nmod\u00e9r\u00e9 de l\u2019alcool est autoris\u00e9 dans le jardin. <\/p>\n\n\n\n<p>Il\nest interdit d&rsquo;uriner sur la parcelle. <\/p>\n\n\n\n<p><strong>8.\nHoraires d&rsquo;ouverture <\/strong><\/p>\n\n\n\n<p>L\u2019association\ns\u2019engage \u00e0 ouvrir r\u00e9guli\u00e8rement le jardin au public, selon les conditions\nclimatiques. <\/p>\n\n\n\n<p><strong>9.\nAcc\u00e8s au jardin <\/strong><\/p>\n\n\n\n<p>Le\nportail ferme avec un cadenas. Le code est chang\u00e9 chaque ann\u00e9e pendant l\u2019AG et\ntransmis aux adh\u00e9rents d\u00e8s la formalisation de l\u2019adh\u00e9sion. <\/p>\n\n\n\n<p>Les\nadh\u00e9rents s\u2019engagent \u00e0 ne pas communiquer le code \u00e0 des personnes ext\u00e9rieures \u00e0\nl\u2019association. <\/p>\n\n\n\n<p>D\u00e8s\nqu\u2019un jardinier est pr\u00e9sent sur le jardin, la porte doit rester ouverte. <\/p>\n\n\n\n<p>Il\nest interdit de camper sur le jardin. <\/p>\n\n\n\n<p>Les\nnon-adh\u00e9rents peuvent venir d\u00e9poser leur compost lors des heures d\u2019ouverture,\nlorsque d\u2019autres jardiniers sont pr\u00e9sents sur le terrain. Pour acc\u00e9der au\njardin seul, m\u00eame si ce n\u2019est que pour d\u00e9poser son compost, il faut adh\u00e9rer. <\/p>\n\n\n\n<p>Des\nbio-seaux sont disponibles au jardin pour 1 euro. <\/p>\n\n\n\n<p><strong>10.\nAnimaux <\/strong><\/p>\n\n\n\n<p>Les\nanimaux de compagnie ne sont pas tol\u00e9r\u00e9s sur le jardin. <\/p>\n\n\n\n<p><strong>11.\nSanctions <\/strong><\/p>\n\n\n\n<p>En\ncas de manquement grave aux r\u00e8gles de vie en collectivit\u00e9 et au r\u00e8glement\nint\u00e9rieur, l&rsquo;association peut prendre des sanctions qui peuvent aller jusqu\u2019\u00e0\nl\u2019exclusion.<\/p>\n","protected":false},"excerpt":{"rendered":"<p>Vous pouvez t\u00e9l\u00e9charger le r\u00e8glement \u00e0 l&rsquo;adresse suivante : https:\/\/drive.google.com\/file\/d\/1vwrevPnPLfWH8Z7OwS54NLu4H7cUQzm0\/view?usp=drive_link &#8212;&#8212;&#8212;&#8212;&#8212;&#8212;&#8212;&#8212;&#8212;&#8212;&#8212;&#8212;&#8212;&#8212;&#8212;&#8212;&#8212;&#8212;&#8212;&#8212;&#8212;&#8212;&#8212;&#8212;&#8212;- R\u00e8glement int\u00e9rieur de l\u2019association Pousse Ensemble ! Jardin situ\u00e9 au croisement de la Voie de la r\u00e9sistance et de l\u2019avenue Anatole France, Pantin (parcelle cadastrale 55) 1. Valeurs Les adh\u00e9rents de l\u2019association Pousse Ensemble ! et les usagers du jardin partagent des valeurs humaines &hellip; <a href=\"https:\/\/www.pousseensemble.org\/?page_id=144\" class=\"more-link\">Continuer la lecture<span class=\"screen-reader-text\"> de &laquo;&nbsp;R\u00e8glement int\u00e9rieur&nbsp;&raquo;<\/span><\/a><\/p>\n","protected":false},"author":1,"featured_media":0,"parent":0,"menu_order":0,"comment_status":"closed","ping_status":"closed","template":"","meta":[],"_links":{"self":[{"href":"https:\/\/www.pousseensemble.org\/index.php?rest_route=\/wp\/v2\/pages\/144"}],"collection":[{"href":"https:\/\/www.pousseensemble.org\/index.php?rest_route=\/wp\/v2\/pages"}],"about":[{"href":"https:\/\/www.pousseensemble.org\/index.php?rest_route=\/wp\/v2\/types\/page"}],"author":[{"embeddable":true,"href":"https:\/\/www.pousseensemble.org\/index.php?rest_route=\/wp\/v2\/users\/1"}],"replies":[{"embeddable":true,"href":"https:\/\/www.pousseensemble.org\/index.php?rest_route=%2Fwp%2Fv2%2Fcomments&post=144"}],"version-history":[{"count":7,"href":"https:\/\/www.pousseensemble.org\/index.php?rest_route=\/wp\/v2\/pages\/144\/revisions"}],"predecessor-version":[{"id":514,"href":"https:\/\/www.pousseensemble.org\/index.php?rest_route=\/wp\/v2\/pages\/144\/revisions\/514"}],"wp:attachment":[{"href":"https:\/\/www.pousseensemble.org\/index.php?rest_route=%2Fwp%2Fv2%2Fmedia&parent=144"}],"curies":[{"name":"wp","href":"https:\/\/api.w.org\/{rel}","templated":true}]}}